{"id":8,"date":"2016-08-10T08:51:14","date_gmt":"2016-08-10T08:51:14","guid":{"rendered":"http:\/\/maresmecontinuum.cat\/?page_id=8"},"modified":"2022-06-23T09:04:16","modified_gmt":"2022-06-23T08:04:16","slug":"upe","status":"publish","type":"page","link":"https:\/\/maresmecontinuum.cat\/es\/upe\/","title":{"rendered":"UPE"},"content":{"rendered":"<p><div class=\"fusion-fullwidth fullwidth-box fusion-builder-row-1 fusion-flex-container nonhundred-percent-fullwidth non-hundred-percent-height-scrolling\" style=\"--awb-border-radius-top-left:0px;--awb-border-radius-top-right:0px;--awb-border-radius-bottom-right:0px;--awb-border-radius-bottom-left:0px;--awb-flex-wrap:wrap;\" ><div class=\"fusion-builder-row fusion-row fusion-flex-align-items-flex-start fusion-flex-content-wrap\" style=\"max-width:1216.8px;margin-left: calc(-4% \/ 2 );margin-right: calc(-4% \/ 2 );\"><div class=\"fusion-layout-column fusion_builder_column fusion-builder-column-0 fusion_builder_column_1_1 1_1 fusion-flex-column\" style=\"--awb-bg-size:cover;--awb-width-large:100%;--awb-margin-top-large:50px;--awb-spacing-right-large:1.92%;--awb-margin-bottom-large:20px;--awb-spacing-left-large:1.92%;--awb-width-medium:100%;--awb-spacing-right-medium:1.92%;--awb-spacing-left-medium:1.92%;--awb-width-small:100%;--awb-spacing-right-small:1.92%;--awb-spacing-left-small:1.92%;\"><div class=\"fusion-column-wrapper fusion-column-has-shadow fusion-flex-justify-content-flex-start fusion-content-layout-column\"><div class=\"fusion-separator fusion-full-width-sep\" style=\"align-self: center;margin-left: auto;margin-right: auto;width:100%;\"><div class=\"fusion-separator-border sep-double sep-solid\" style=\"--awb-height:20px;--awb-amount:20px;--awb-sep-color:#c30938;border-color:#c30938;border-top-width:1px;border-bottom-width:1px;\"><\/div><\/div><\/div><\/div><div class=\"fusion-layout-column fusion_builder_column fusion-builder-column-1 fusion_builder_column_1_1 1_1 fusion-flex-column\" style=\"--awb-padding-top:30px;--awb-bg-size:cover;--awb-width-large:100%;--awb-margin-top-large:0px;--awb-spacing-right-large:1.92%;--awb-margin-bottom-large:20px;--awb-spacing-left-large:1.92%;--awb-width-medium:100%;--awb-spacing-right-medium:1.92%;--awb-spacing-left-medium:1.92%;--awb-width-small:100%;--awb-spacing-right-small:1.92%;--awb-spacing-left-small:1.92%;\"><div class=\"fusion-column-wrapper fusion-column-has-shadow fusion-flex-justify-content-flex-start fusion-content-layout-column\"><div class=\"fusion-title title fusion-title-1 fusion-title-text fusion-title-size-one\"><div class=\"title-sep-container title-sep-container-left fusion-no-large-visibility fusion-no-medium-visibility fusion-no-small-visibility\"><div class=\"title-sep sep-double sep-solid\" style=\"border-color:#e0dede;\"><\/div><\/div><span class=\"awb-title-spacer fusion-no-large-visibility fusion-no-medium-visibility fusion-no-small-visibility\"><\/span><h1 class=\"fusion-title-heading title-heading-left\" style=\"margin:0;\">QU\u00c8 \u00c9S LA UPE?<\/h1><span class=\"awb-title-spacer\"><\/span><div class=\"title-sep-container title-sep-container-right\"><div class=\"title-sep sep-double sep-solid\" style=\"border-color:#e0dede;\"><\/div><\/div><\/div><\/div><\/div><div class=\"fusion-layout-column fusion_builder_column fusion-builder-column-2 fusion_builder_column_1_2 1_2 fusion-flex-column\" style=\"--awb-bg-size:cover;--awb-width-large:50%;--awb-margin-top-large:45px;--awb-spacing-right-large:3.84%;--awb-margin-bottom-large:20px;--awb-spacing-left-large:3.84%;--awb-width-medium:100%;--awb-spacing-right-medium:1.92%;--awb-spacing-left-medium:1.92%;--awb-width-small:100%;--awb-spacing-right-small:1.92%;--awb-spacing-left-small:1.92%;\" id=\"que-es-upe\"><div class=\"fusion-column-wrapper fusion-column-has-shadow fusion-flex-justify-content-flex-start fusion-content-layout-column\"><div class=\"fusion-text fusion-text-1\"><p><span class=\"resaltat_nivell_2\">La Unitat de Prevenci\u00f3 de l&#8217;Exclusi\u00f3, \u00e9s un programa orientat a la prevenci\u00f3 i identificaci\u00f3 preco\u00e7 de situacions d&#8217;exclusi\u00f3 i\/o pobresa. T\u00e9 l&#8217;objectiu d&#8217;impulsar els processos d&#8217;inclusi\u00f3 social de les <b><i>persones joves (16-30 anys) amb problem\u00e0tica de salut mental, en risc d&#8217;exclusi\u00f3 social i pobresa<\/i><\/b>, de la comarca del Maresme.<\/span><\/p>\n<p><span class=\"resaltat_nivell_2\">Treballem a partir d&#8217;itineraris individualitzats per incidir en les seg\u00fcents dimensions:<\/span><\/p>\n<p><span style=\"color: #c2143c;\">\u00a0 \u00a0 \u00a0\u25ba <\/span>Benestar emocional<\/p>\n<p><span style=\"color: #c2143c;\">\u00a0 \u00a0 \u00a0<\/span><span style=\"color: #c2143c;\">\u25ba <\/span>Relacions interpersonals<\/p>\n<p><span style=\"color: #c2143c;\">\u00a0 \u00a0 \u00a0\u25ba <\/span>Benestar material<\/p>\n<p><span style=\"color: #c2143c;\">\u00a0 \u00a0 \u00a0\u25ba <\/span>Desenvolupament personal<\/p>\n<p><span style=\"color: #c2143c;\">\u00a0 \u00a0 \u00a0<\/span><span style=\"color: #c2143c;\">\u25ba <\/span>Benestar f\u00edsic<\/p>\n<p><span style=\"color: #c2143c;\">\u00a0 \u00a0 \u00a0\u25ba <\/span>Autodeterminaci\u00f3<\/p>\n<p><span style=\"color: #c2143c;\">\u00a0 \u00a0 \u00a0\u25ba <\/span>Inclusi\u00f3 Social<\/p>\n<p><span style=\"color: #c2143c;\">\u00a0 \u00a0 \u00a0<\/span><span style=\"color: #c2143c;\">\u25ba<\/span>\u00a0Drets<\/p>\n<\/div><\/div><\/div><div class=\"fusion-layout-column fusion_builder_column fusion-builder-column-3 fusion_builder_column_1_3 1_3 fusion-flex-column\" style=\"--awb-bg-image:url(&#039;https:\/\/maresmecontinuum.cat\/wp-content\/uploads\/2020\/10\/Contadors-Maresme-Continuum.jpg&#039;);--awb-bg-position:center center;--awb-bg-size:cover;--awb-width-large:33.333333333333%;--awb-margin-top-large:0px;--awb-spacing-right-large:5.76%;--awb-margin-bottom-large:20px;--awb-spacing-left-large:5.76%;--awb-width-medium:100%;--awb-spacing-right-medium:1.92%;--awb-spacing-left-medium:1.92%;--awb-width-small:100%;--awb-spacing-right-small:1.92%;--awb-spacing-left-small:1.92%;\"><div class=\"fusion-column-wrapper fusion-column-has-shadow fusion-flex-justify-content-flex-start fusion-content-layout-column fusion-column-has-bg-image\" data-bg-url=\"https:\/\/maresmecontinuum.cat\/wp-content\/uploads\/2020\/10\/Contadors-Maresme-Continuum.jpg\"><div class=\"fusion-separator fusion-full-width-sep\" style=\"align-self: center;margin-left: auto;margin-right: auto;margin-top:30px;width:100%;\"><\/div><div class=\"fusion-text fusion-text-2\"><h3><\/h3>\n<h3 style=\"text-align: center;\"><span style=\"color: #ffffff;\">La UPE en xifres<\/span><\/h3>\n<\/div><div class=\"fusion-counters-box counters-box row fusion-clearfix fusion-columns-1\" style=\"--awb-body-color:#ffffff;--awb-border-color:rgba(158,10,0,0);--awb-color:#ffffff;--awb-icon-size:50;--awb-border-color:rgba(158,10,0,0);\"><div class=\"fusion-counter-box fusion-column col-counter-box counter-box-wrapper col-lg-12 col-md-12 col-sm-12\" data-animationOffset=\"top-into-view\"><div class=\"counter-box-container\"><div class=\"content-box-percentage content-box-counter\"><i class=\"counter-box-icon fontawesome-icon fa-user-friends fas\" aria-hidden=\"true\"><\/i><span class=\"display-counter\" data-value=\"170\" data-direction=\"up\" data-decimals=\"0\">0<\/span><span class=\"unit\">+<\/span><\/div><div class=\"counter-box-content\">Personas usu\u00e0ries ateses<\/div><\/div><\/div><div class=\"fusion-counter-box fusion-column col-counter-box counter-box-wrapper col-lg-12 col-md-12 col-sm-12\" data-animationOffset=\"top-into-view\"><div class=\"counter-box-container\"><div class=\"content-box-percentage content-box-counter\"><i class=\"counter-box-icon fontawesome-icon fa-users fas\" aria-hidden=\"true\"><\/i><span class=\"display-counter\" data-value=\"4000\" data-direction=\"up\" data-decimals=\"0\">0<\/span><span class=\"unit\">+<\/span><\/div><div class=\"counter-box-content\">Intervencions amb usuaris<\/div><\/div><\/div><div class=\"fusion-counter-box fusion-column col-counter-box counter-box-wrapper col-lg-12 col-md-12 col-sm-12\" data-animationOffset=\"top-into-view\"><div class=\"counter-box-container\"><div class=\"content-box-percentage content-box-counter\"><i class=\"counter-box-icon fontawesome-icon fa-address-card far\" aria-hidden=\"true\"><\/i><span class=\"display-counter\" data-value=\"2200\" data-direction=\"up\" data-decimals=\"0\">0<\/span><span class=\"unit\">+<\/span><\/div><div class=\"counter-box-content\">Coordinacions professionals<\/div><\/div><\/div><div class=\"fusion-counter-box fusion-column col-counter-box counter-box-wrapper col-lg-12 col-md-12 col-sm-12\" data-animationOffset=\"top-into-view\"><div class=\"counter-box-container\"><div class=\"content-box-percentage content-box-counter\"><i class=\"counter-box-icon fontawesome-icon fa-check-circle far\" aria-hidden=\"true\"><\/i><span class=\"display-counter\" data-value=\"96\" data-direction=\"up\" data-decimals=\"0\">0<\/span><span class=\"unit\">%<\/span><\/div><div class=\"counter-box-content\">Objectius marcats per usuaris i complerts<\/div><\/div><\/div><\/div><\/div><\/div><\/div><\/div><div class=\"fusion-fullwidth fullwidth-box fusion-builder-row-2 fusion-flex-container nonhundred-percent-fullwidth non-hundred-percent-height-scrolling\" style=\"--awb-border-radius-top-left:0px;--awb-border-radius-top-right:0px;--awb-border-radius-bottom-right:0px;--awb-border-radius-bottom-left:0px;--awb-margin-top:45px;--awb-flex-wrap:wrap;\" id=\"vols-venir\" ><div class=\"fusion-builder-row fusion-row fusion-flex-align-items-flex-start fusion-flex-content-wrap\" style=\"max-width:1216.8px;margin-left: calc(-4% \/ 2 );margin-right: calc(-4% \/ 2 );\"><div class=\"fusion-layout-column fusion_builder_column fusion-builder-column-4 fusion_builder_column_1_1 1_1 fusion-flex-column\" style=\"--awb-bg-size:cover;--awb-width-large:100%;--awb-margin-top-large:0px;--awb-spacing-right-large:1.92%;--awb-margin-bottom-large:20px;--awb-spacing-left-large:1.92%;--awb-width-medium:100%;--awb-spacing-right-medium:1.92%;--awb-spacing-left-medium:1.92%;--awb-width-small:100%;--awb-spacing-right-small:1.92%;--awb-spacing-left-small:1.92%;\"><div class=\"fusion-column-wrapper fusion-column-has-shadow fusion-flex-justify-content-flex-start fusion-content-layout-column\"><div class=\"fusion-title title fusion-title-2 fusion-title-text fusion-title-size-one\"><div class=\"title-sep-container title-sep-container-left fusion-no-large-visibility fusion-no-medium-visibility fusion-no-small-visibility\"><div class=\"title-sep sep-double sep-solid\" style=\"border-color:#e0dede;\"><\/div><\/div><span class=\"awb-title-spacer fusion-no-large-visibility fusion-no-medium-visibility fusion-no-small-visibility\"><\/span><h1 class=\"fusion-title-heading title-heading-left\" style=\"margin:0;\">VOLS VENIR<\/h1><span class=\"awb-title-spacer\"><\/span><div class=\"title-sep-container title-sep-container-right\"><div class=\"title-sep sep-double sep-solid\" style=\"border-color:#e0dede;\"><\/div><\/div><\/div><div class=\"fusion-text fusion-text-3\"><p><span style=\"color: #c2143c;\">\u00a0 \u00a0 \u00a0\u25ba <\/span>Si tens entre 16 i 30 anys<\/p>\n<p><span style=\"color: #c2143c;\">\u00a0 \u00a0 \u00a0\u25ba <\/span>Vius a la comarca del Maresme<\/p>\n<p><span style=\"color: #c2143c;\">\u00a0 \u00a0 \u00a0\u25ba <\/span>Disposes de pocs recursos econ\u00f2mics<\/p>\n<p><span style=\"color: #c2143c;\">\u00a0 \u00a0 \u00a0\u25ba <\/span>Has tingut alguna dificultat relacionada amb la teva salut mental (incloent ansietat o depressi\u00f3)<\/p>\n<p><span style=\"color: #c2143c;\">\u00a0 \u00a0 \u00a0\u25ba <\/span>Et sents poc satisfet amb la teva situaci\u00f3 actual<\/p>\n<p><span style=\"color: #c2143c;\">\u00a0 \u00a0 \u00a0\u25ba <\/span>Tens dificultats en les teves relacions socials<\/p>\n<p><span style=\"color: #c2143c;\">\u00a0 \u00a0 \u00a0\u25ba <\/span>Et resulta dif\u00edcil adaptar-te als reptes que et sorgeixen<\/p>\n<p><span style=\"color: #c2143c;\">\u00a0 \u00a0 \u00a0\u25ba <\/span>Sents que no pots prendre el control de la teva vida<\/p>\n<\/div><\/div><\/div><\/div><\/div><div class=\"fusion-fullwidth fullwidth-box fusion-builder-row-3 fusion-flex-container nonhundred-percent-fullwidth non-hundred-percent-height-scrolling\" style=\"--awb-border-radius-top-left:0px;--awb-border-radius-top-right:0px;--awb-border-radius-bottom-right:0px;--awb-border-radius-bottom-left:0px;--awb-margin-top:45px;--awb-flex-wrap:wrap;\" id=\"on-estem\" ><div class=\"fusion-builder-row fusion-row fusion-flex-align-items-flex-start fusion-flex-content-wrap\" style=\"max-width:1216.8px;margin-left: calc(-4% \/ 2 );margin-right: calc(-4% \/ 2 );\"><div class=\"fusion-layout-column fusion_builder_column fusion-builder-column-5 fusion_builder_column_1_3 1_3 fusion-flex-column\" style=\"--awb-bg-size:cover;--awb-width-large:33.333333333333%;--awb-margin-top-large:0px;--awb-spacing-right-large:5.76%;--awb-margin-bottom-large:20px;--awb-spacing-left-large:5.76%;--awb-width-medium:100%;--awb-spacing-right-medium:1.92%;--awb-spacing-left-medium:1.92%;--awb-width-small:100%;--awb-spacing-right-small:1.92%;--awb-spacing-left-small:1.92%;\"><div class=\"fusion-column-wrapper fusion-column-has-shadow fusion-flex-justify-content-flex-start fusion-content-layout-column\"><div class=\"fusion-title title fusion-title-3 fusion-title-text fusion-title-size-one\"><div class=\"title-sep-container title-sep-container-left fusion-no-large-visibility fusion-no-medium-visibility fusion-no-small-visibility\"><div class=\"title-sep sep-double sep-solid\" style=\"border-color:#e0dede;\"><\/div><\/div><span class=\"awb-title-spacer fusion-no-large-visibility fusion-no-medium-visibility fusion-no-small-visibility\"><\/span><h1 class=\"fusion-title-heading title-heading-left\" style=\"margin:0;\">ON ESTEM<\/h1><span class=\"awb-title-spacer\"><\/span><div class=\"title-sep-container title-sep-container-right\"><div class=\"title-sep sep-double sep-solid\" style=\"border-color:#e0dede;\"><\/div><\/div><\/div><div class=\"fusion-text fusion-text-4\"><p>Podeu accedir als serveis de la <strong>UPE<\/strong>:<\/p>\n<p><span style=\"color: #c2143c;\">\u00a0 \u00a0 \u00a0\u25ba <\/span>Des dels recursos de la Xarxa de Salut Mental.<\/p>\n<p><span style=\"color: #c2143c;\">\u00a0 \u00a0 \u00a0\u25ba <\/span>Des dels Serveis Socials, Sociosanitaris o Ocupacionals.<\/p>\n<p><span style=\"color: #c2143c;\">\u00a0 \u00a0 \u00a0\u25ba <\/span>Per iniciativa pr\u00f2pia<\/p>\n<\/div><\/div><\/div><div class=\"fusion-layout-column fusion_builder_column fusion-builder-column-6 fusion_builder_column_2_3 2_3 fusion-flex-column\" style=\"--awb-bg-size:cover;--awb-width-large:66.666666666667%;--awb-margin-top-large:0px;--awb-spacing-right-large:2.88%;--awb-margin-bottom-large:20px;--awb-spacing-left-large:2.88%;--awb-width-medium:100%;--awb-spacing-right-medium:1.92%;--awb-spacing-left-medium:1.92%;--awb-width-small:100%;--awb-spacing-right-small:1.92%;--awb-spacing-left-small:1.92%;\"><div class=\"fusion-column-wrapper fusion-column-has-shadow fusion-flex-justify-content-flex-start fusion-content-layout-column\"><iframe class=\"mapa-google\" src=\"https:\/\/www.google.com\/maps\/d\/embed?mid=1mm5J3E8X2VUkoRAwxH-Ok46aBfxb3Gu3&hl=ca\" width=\"900\" height=\"480\"><\/iframe><div class=\"fusion-content-boxes content-boxes columns row fusion-columns-2 fusion-columns-total-4 fusion-content-boxes-1 content-boxes-icon-with-title content-left\" style=\"--awb-margin-top:30px;--awb-hover-accent-color:#c2143c;--awb-circle-hover-accent-color:#c2143c;\" data-animationOffset=\"top-into-view\"><div style=\"--awb-backgroundcolor:transparent;\" class=\"fusion-column content-box-column content-box-column content-box-column-1 col-lg-6 col-md-6 col-sm-6 fusion-content-box-hover content-box-column-first-in-row\"><div class=\"col content-box-wrapper content-wrapper link-area-link-icon icon-hover-animation-fade\" data-animationOffset=\"top-into-view\"><div class=\"heading heading-with-icon icon-left\"><div class=\"icon\"><i style=\"border-color:#333333;border-width:1px;background-color:#333333;box-sizing:content-box;height:42px;width:42px;line-height:42px;border-radius:;font-size:21px;\" aria-hidden=\"true\" class=\"fontawesome-icon fa-map-marker-alt fas circle-yes\"><\/i><\/div><h2 class=\"content-box-heading\" style=\"--h2_typography-font-size:18px;line-height:23px;\">Al Masnou:<\/h2><\/div><div class=\"fusion-clearfix\"><\/div><div class=\"content-container\">\n<p><a href=\"https:\/\/www.google.com\/maps\/place\/Carrer+del+Dr.+J.+Agell,+11,+08320+El+Masnou,+Barcelona\/@41.4799742,2.3179257,17z\/data=!4m5!3m4!1s0x12a4b0bfaf07590f:0x5ff9e2bac540e2da!8m2!3d41.4799742!4d2.3201144\" target=\"_blank\" rel=\"noopener noreferrer\">Carrer Dr Josep Agell, 11,<\/a><br \/>\n<a href=\"https:\/\/www.google.com\/maps\/place\/Carrer+del+Dr.+J.+Agell,+11,+08320+El+Masnou,+Barcelona\/@41.4799742,2.3179257,17z\/data=!4m5!3m4!1s0x12a4b0bfaf07590f:0x5ff9e2bac540e2da!8m2!3d41.4799742!4d2.3201144\" target=\"_blank\" rel=\"noopener noreferrer\">08320, El Masnou, Barcelona<\/a><\/p>\n<\/div><\/div><\/div><div style=\"--awb-backgroundcolor:transparent;\" class=\"fusion-column content-box-column content-box-column content-box-column-2 col-lg-6 col-md-6 col-sm-6 fusion-content-box-hover content-box-column-last-in-row\"><div class=\"col content-box-wrapper content-wrapper link-area-link-icon icon-hover-animation-fade\" data-animationOffset=\"top-into-view\"><div class=\"heading heading-with-icon icon-left\"><div class=\"icon\"><i style=\"border-color:#333333;border-width:1px;background-color:#333333;box-sizing:content-box;height:42px;width:42px;line-height:42px;border-radius:;font-size:21px;\" aria-hidden=\"true\" class=\"fontawesome-icon fa-map-marker-alt fas circle-yes\"><\/i><\/div><h2 class=\"content-box-heading\" style=\"--h2_typography-font-size:18px;line-height:23px;\">A Matar\u00f3:<\/h2><\/div><div class=\"fusion-clearfix\"><\/div><div class=\"content-container\">\n<p><a href=\"https:\/\/www.google.com\/maps?q=Carrer+de+Sant+Antoni,+86,+08301+Matar%C3%B3,+Barcelona&amp;ftid=0x12a4b52799492109:0xbe75a47e2caef3e5\" target=\"_blank\" rel=\"noopener noreferrer\">Carrer de Sant Antoni, 86,<\/a><br \/>\n<a href=\"https:\/\/www.google.com\/maps?q=Carrer+de+Sant+Antoni,+86,+08301+Matar%C3%B3,+Barcelona&amp;ftid=0x12a4b52799492109:0xbe75a47e2caef3e5\" target=\"_blank\" rel=\"noopener noreferrer\">08301, Matar\u00f3, Barcelona<\/a><\/p>\n<\/div><\/div><\/div><div style=\"--awb-backgroundcolor:transparent;\" class=\"fusion-column content-box-column content-box-column content-box-column-3 col-lg-6 col-md-6 col-sm-6 fusion-content-box-hover content-box-column-first-in-row\"><div class=\"col content-box-wrapper content-wrapper link-area-link-icon icon-hover-animation-fade\" data-animationOffset=\"top-into-view\"><div class=\"heading heading-with-icon icon-left\"><div class=\"icon\"><i style=\"border-color:#333333;border-width:1px;background-color:#333333;box-sizing:content-box;height:42px;width:42px;line-height:42px;border-radius:;font-size:21px;\" aria-hidden=\"true\" class=\"fontawesome-icon fa-map-marker-alt fas circle-yes\"><\/i><\/div><h2 class=\"content-box-heading\" style=\"--h2_typography-font-size:18px;line-height:23px;\">A Palafolls:<\/h2><\/div><div class=\"fusion-clearfix\"><\/div><div class=\"content-container\">\n<p><a href=\"https:\/\/www.google.com\/maps\/place\/El+Mol%C3%AD+d'en+Puigvert\/@41.6860085,2.7414604,17z\/data=!3m1!4b1!4m5!3m4!1s0x12bb3dfb2356094d:0x9bb682a84e28a0d4!8m2!3d41.6860085!4d2.7436544\" target=\"_blank\" rel=\"noopener noreferrer\">Calle Gorg del Mol\u00ed d\u2019en Puigvert, 1,<\/a><br \/>\n<a href=\"https:\/\/www.google.com\/maps\/place\/El+Mol%C3%AD+d'en+Puigvert\/@41.6860085,2.7414604,17z\/data=!3m1!4b1!4m5!3m4!1s0x12bb3dfb2356094d:0x9bb682a84e28a0d4!8m2!3d41.6860085!4d2.7436544\" target=\"_blank\" rel=\"noopener noreferrer\">08389 Palafolls, Barcelona<\/a><\/p>\n<\/div><\/div><\/div><div style=\"--awb-backgroundcolor:transparent;\" class=\"fusion-column content-box-column content-box-column content-box-column-4 col-lg-6 col-md-6 col-sm-6 fusion-content-box-hover content-box-column-last content-box-column-last-in-row\"><div class=\"col content-box-wrapper content-wrapper link-area-link-icon icon-hover-animation-fade\" data-animationOffset=\"top-into-view\"><div class=\"heading heading-with-icon icon-left\"><div class=\"icon\"><i style=\"border-color:#333333;border-width:1px;background-color:#333333;box-sizing:content-box;height:42px;width:42px;line-height:42px;border-radius:;font-size:21px;\" aria-hidden=\"true\" class=\"fontawesome-icon fa-map-marker-alt fas circle-yes\"><\/i><\/div><h2 class=\"content-box-heading\" style=\"--h2_typography-font-size:18px;line-height:23px;\">A Calella:<\/h2><\/div><div class=\"fusion-clearfix\"><\/div><div class=\"content-container\">\n<p><a href=\"https:\/\/www.google.es\/maps\/place\/Carrer+d'Anselm+Clav%C3%A9,+101,+08370+Calella,+Barcelona\/@41.6134302,2.6600616,17z\/data=!3m1!4b1!4m5!3m4!1s0x12bb39010d58ff35:0xcf49041bcd375bca!8m2!3d41.6134262!4d2.6622503\" target=\"_blank\" rel=\"noopener noreferrer\">Calle Anselm Clav\u00e9, 101,<\/a><br \/>\n<a href=\"https:\/\/www.google.es\/maps\/place\/Carrer+d'Anselm+Clav%C3%A9,+101,+08370+Calella,+Barcelona\/@41.6134302,2.6600616,17z\/data=!3m1!4b1!4m5!3m4!1s0x12bb39010d58ff35:0xcf49041bcd375bca!8m2!3d41.6134262!4d2.6622503\" target=\"_blank\" rel=\"noopener noreferrer\">08370 Calella, Barcelona<\/a><\/p>\n<\/div><\/div><\/div><div class=\"fusion-clearfix\"><\/div><\/div><\/div><\/div><\/div><\/div><div class=\"fusion-fullwidth fullwidth-box fusion-builder-row-4 fusion-flex-container nonhundred-percent-fullwidth non-hundred-percent-height-scrolling\" style=\"--awb-border-radius-top-left:0px;--awb-border-radius-top-right:0px;--awb-border-radius-bottom-right:0px;--awb-border-radius-bottom-left:0px;--awb-flex-wrap:wrap;\" id=\"formulari-contacte-upe\" ><div class=\"fusion-builder-row fusion-row fusion-flex-align-items-flex-start fusion-flex-content-wrap\" style=\"max-width:1216.8px;margin-left: calc(-4% \/ 2 );margin-right: calc(-4% \/ 2 );\"><div class=\"fusion-layout-column fusion_builder_column fusion-builder-column-7 fusion_builder_column_1_1 1_1 fusion-flex-column\" style=\"--awb-bg-size:cover;--awb-width-large:100%;--awb-margin-top-large:0px;--awb-spacing-right-large:1.92%;--awb-margin-bottom-large:20px;--awb-spacing-left-large:1.92%;--awb-width-medium:100%;--awb-spacing-right-medium:1.92%;--awb-spacing-left-medium:1.92%;--awb-width-small:100%;--awb-spacing-right-small:1.92%;--awb-spacing-left-small:1.92%;\"><div class=\"fusion-column-wrapper fusion-column-has-shadow fusion-flex-justify-content-flex-start fusion-content-layout-column\"><div class=\"fusion-text fusion-text-5\"><h2>Si et queda algun dubte, pots contactar amb la <strong>UPE<\/strong> mitjan\u00e7ant el seg\u00fcent formulari o via e-mail i tel\u00e8fon.<\/h2>\n<\/div>\n<div class=\"wpcf7 no-js\" id=\"wpcf7-f1549-o1\" lang=\"es-ES\" dir=\"ltr\" data-wpcf7-id=\"1549\">\n<div class=\"screen-reader-response\"><p role=\"status\" aria-live=\"polite\" aria-atomic=\"true\"><\/p> <ul><\/ul><\/div>\n<form action=\"\/es\/wp-json\/wp\/v2\/pages\/8#wpcf7-f1549-o1\" method=\"post\" class=\"wpcf7-form init\" aria-label=\"Formulario de contacto\" novalidate=\"novalidate\" data-status=\"init\">\n<fieldset class=\"hidden-fields-container\"><input type=\"hidden\" name=\"_wpcf7\" value=\"1549\" \/><input type=\"hidden\" name=\"_wpcf7_version\" value=\"6.1.5\" \/><input type=\"hidden\" name=\"_wpcf7_locale\" value=\"es_ES\" \/><input type=\"hidden\" name=\"_wpcf7_unit_tag\" value=\"wpcf7-f1549-o1\" \/><input type=\"hidden\" name=\"_wpcf7_container_post\" value=\"0\" \/><input type=\"hidden\" name=\"_wpcf7_posted_data_hash\" value=\"\" \/><input type=\"hidden\" name=\"_wpcf7_recaptcha_response\" value=\"\" \/>\n<\/fieldset>\n<p><label> El teu nom (requerit)<br \/>\n<span class=\"wpcf7-form-control-wrap\" data-name=\"your-name\"><input size=\"40\" maxlength=\"400\" class=\"wpcf7-form-control wpcf7-text wpcf7-validates-as-required sidebarinput\" aria-required=\"true\" aria-invalid=\"false\" value=\"\" type=\"text\" name=\"your-name\" \/><\/span> <\/label>\n<\/p>\n<p><label> El teu correu electr\u00f2nic (requerit)<br \/>\n<span class=\"wpcf7-form-control-wrap\" data-name=\"your-email\"><input size=\"40\" maxlength=\"400\" class=\"wpcf7-form-control wpcf7-email wpcf7-validates-as-required wpcf7-text wpcf7-validates-as-email sidebarinput\" aria-required=\"true\" aria-invalid=\"false\" value=\"\" type=\"email\" name=\"your-email\" \/><\/span> <\/label>\n<\/p>\n<p><label> El teu tel\u00e8fon (opcional)<br \/>\n<span class=\"wpcf7-form-control-wrap\" data-name=\"your-phone\"><input size=\"40\" maxlength=\"400\" class=\"wpcf7-form-control wpcf7-tel wpcf7-text wpcf7-validates-as-tel\" aria-invalid=\"false\" value=\"\" type=\"tel\" name=\"your-phone\" \/><\/span> <\/label>\n<\/p>\n<p><label> Assumpte<br \/>\n<span class=\"wpcf7-form-control-wrap\" data-name=\"your-subject\"><input size=\"40\" maxlength=\"400\" class=\"wpcf7-form-control wpcf7-text sidebarinput\" aria-invalid=\"false\" value=\"\" type=\"text\" name=\"your-subject\" \/><\/span> <\/label>\n<\/p>\n<p><label> El teu missatge<br \/>\n<span class=\"wpcf7-form-control-wrap\" data-name=\"your-message\"><textarea cols=\"40\" rows=\"10\" maxlength=\"2000\" class=\"wpcf7-form-control wpcf7-textarea sidebarinput\" aria-invalid=\"false\" name=\"your-message\"><\/textarea><\/span> <\/label>\n<\/p>\n<p><label><span class=\"wpcf7-form-control-wrap\" data-name=\"acceptance-594\"><span class=\"wpcf7-form-control wpcf7-acceptance\"><span class=\"wpcf7-list-item\"><input type=\"checkbox\" name=\"acceptance-594\" value=\"1\" aria-invalid=\"false\" \/><\/span><\/span><\/span> He llegit i accepto la <a href=\"https:\/\/maresmecontinuum.cat\/politica-privacitat\/\" style=\"color:red;\">Pol\u00edtica de Privacitat<\/a>.<\/label>\n<\/p>\n<p>Escriu aquest codi: <input type=\"hidden\" name=\"_wpcf7_captcha_challenge_captcha-118\" value=\"2599193648\" \/><img decoding=\"async\" class=\"wpcf7-form-control wpcf7-captchac wpcf7-captcha-captcha-118\" width=\"84\" height=\"28\" alt=\"captcha\" src=\"https:\/\/maresmecontinuum.cat\/wp-content\/uploads\/wpcf7_captcha\/2599193648.png\" \/><br \/>\n<span class=\"wpcf7-form-control-wrap\" data-name=\"captcha-118\"><input size=\"4\" maxlength=\"4\" class=\"wpcf7-form-control wpcf7-captchar\" autocomplete=\"off\" aria-invalid=\"false\" value=\"\" type=\"text\" name=\"captcha-118\" \/><\/span>\n<\/p>\n<p><input class=\"wpcf7-form-control wpcf7-submit has-spinner\" type=\"submit\" value=\"Enviar\" \/>\n<\/p><p style=\"display: none !important;\" class=\"akismet-fields-container\" data-prefix=\"_wpcf7_ak_\"><label>&#916;<textarea name=\"_wpcf7_ak_hp_textarea\" cols=\"45\" rows=\"8\" maxlength=\"100\"><\/textarea><\/label><input type=\"hidden\" id=\"ak_js_1\" name=\"_wpcf7_ak_js\" value=\"154\"\/><script type=\"text\/javascript\">\n\/* <![CDATA[ *\/\ndocument.getElementById( \"ak_js_1\" ).setAttribute( \"value\", ( new Date() ).getTime() );\n\/* ]]> *\/\n<\/script>\n<\/p><div class=\"fusion-alert alert custom alert-custom fusion-alert-center wpcf7-response-output fusion-alert-capitalize awb-alert-native-link-color alert-dismissable awb-alert-close-boxed\" style=\"--awb-border-top-left-radius:0px;--awb-border-top-right-radius:0px;--awb-border-bottom-left-radius:0px;--awb-border-bottom-right-radius:0px;\" role=\"alert\"><div class=\"fusion-alert-content-wrapper\"><span class=\"fusion-alert-content\"><\/span><\/div><button type=\"button\" class=\"close toggle-alert\" data-dismiss=\"alert\" aria-label=\"Close\">&times;<\/button><\/div>\n<\/form>\n<\/div>\n<\/div><\/div><\/div><\/div><div class=\"fusion-fullwidth fullwidth-box fusion-builder-row-5 fusion-flex-container nonhundred-percent-fullwidth non-hundred-percent-height-scrolling\" style=\"--awb-border-radius-top-left:0px;--awb-border-radius-top-right:0px;--awb-border-radius-bottom-right:0px;--awb-border-radius-bottom-left:0px;--awb-flex-wrap:wrap;\" ><div class=\"fusion-builder-row fusion-row fusion-flex-align-items-flex-start fusion-flex-content-wrap\" style=\"max-width:1216.8px;margin-left: calc(-4% \/ 2 );margin-right: calc(-4% \/ 2 );\"><div class=\"fusion-layout-column fusion_builder_column fusion-builder-column-8 fusion_builder_column_1_2 1_2 fusion-flex-column\" style=\"--awb-padding-top:125px;--awb-padding-bottom:125px;--awb-bg-image:url(&#039;https:\/\/maresmecontinuum.cat\/wp-content\/uploads\/2019\/12\/Fundacio-moli-entrada.jpg&#039;);--awb-bg-size:cover;--awb-width-large:50%;--awb-margin-top-large:0px;--awb-spacing-right-large:0px;--awb-margin-bottom-large:20px;--awb-spacing-left-large:3.84%;--awb-width-medium:100%;--awb-spacing-right-medium:1.92%;--awb-spacing-left-medium:1.92%;--awb-width-small:100%;--awb-spacing-right-small:1.92%;--awb-spacing-left-small:1.92%;\"><div class=\"fusion-column-wrapper fusion-column-has-shadow fusion-flex-justify-content-center fusion-content-layout-column fusion-column-has-bg-image\" data-bg-url=\"https:\/\/maresmecontinuum.cat\/wp-content\/uploads\/2019\/12\/Fundacio-moli-entrada.jpg\"><i class=\"fb-icon-element-1 fb-icon-element fontawesome-icon fa-phone fas circle-no\" style=\"--awb-circlecolor:rgba(51,51,51,0);--awb-font-size:55px;--awb-margin-top:0;--awb-margin-right:0;--awb-margin-bottom:0;--awb-margin-left:0;--awb-align-self:center;\"><\/i><div class=\"fusion-separator fusion-full-width-sep\" style=\"align-self: center;margin-left: auto;margin-right: auto;width:100%;\"><\/div><div class=\"fusion-text fusion-text-6\"><p style=\"text-align: center;\"><span style=\"font-size: 24px; color: #ffffff;\"><a style=\"color: #ffffff;\" href=\"tel:+34937553604\">93 755 36 04<\/a><\/span><\/p>\n<\/div><\/div><\/div><div class=\"fusion-layout-column fusion_builder_column fusion-builder-column-9 fusion_builder_column_1_2 1_2 fusion-flex-column\" style=\"--awb-padding-top:125px;--awb-padding-bottom:125px;--awb-bg-image:url(&#039;https:\/\/maresmecontinuum.cat\/wp-content\/uploads\/2020\/11\/Fundacio-moli-treballan-V2t.jpg&#039;);--awb-bg-size:cover;--awb-width-large:50%;--awb-margin-top-large:0px;--awb-spacing-right-large:3.84%;--awb-margin-bottom-large:20px;--awb-spacing-left-large:0px;--awb-width-medium:100%;--awb-spacing-right-medium:1.92%;--awb-spacing-left-medium:1.92%;--awb-width-small:100%;--awb-spacing-right-small:1.92%;--awb-spacing-left-small:1.92%;\"><div class=\"fusion-column-wrapper fusion-column-has-shadow fusion-flex-justify-content-flex-start fusion-content-layout-column fusion-column-has-bg-image\" data-bg-url=\"https:\/\/maresmecontinuum.cat\/wp-content\/uploads\/2020\/11\/Fundacio-moli-treballan-V2t.jpg\"><i class=\"fb-icon-element-2 fb-icon-element fontawesome-icon fa-envelope far circle-no\" style=\"--awb-circlecolor:rgba(51,51,51,0);--awb-font-size:55px;--awb-margin-top:0;--awb-margin-right:0;--awb-margin-bottom:0;--awb-margin-left:0;--awb-align-self:center;\"><\/i><div class=\"fusion-separator fusion-full-width-sep\" style=\"align-self: center;margin-left: auto;margin-right: auto;width:100%;\"><\/div><div class=\"fusion-text fusion-text-7\"><p style=\"text-align: center;\"><a style=\"color: #fff; font-size: 24px;\" href=\"mailto:upe@maresmecontinuum.cat\">upe@maresmecontinuum.cat<\/a><\/p>\n<\/div><\/div><\/div><\/div><\/div><div class=\"fusion-fullwidth fullwidth-box fusion-builder-row-6 fusion-flex-container nonhundred-percent-fullwidth non-hundred-percent-height-scrolling\" style=\"--awb-border-radius-top-left:0px;--awb-border-radius-top-right:0px;--awb-border-radius-bottom-right:0px;--awb-border-radius-bottom-left:0px;--awb-flex-wrap:wrap;\" id=\"questionari\" ><div class=\"fusion-builder-row fusion-row fusion-flex-align-items-flex-start fusion-flex-content-wrap\" style=\"max-width:1216.8px;margin-left: calc(-4% \/ 2 );margin-right: calc(-4% \/ 2 );\"><div class=\"fusion-layout-column fusion_builder_column fusion-builder-column-10 fusion_builder_column_1_1 1_1 fusion-flex-column\" style=\"--awb-bg-size:cover;--awb-width-large:100%;--awb-margin-top-large:0px;--awb-spacing-right-large:1.92%;--awb-margin-bottom-large:20px;--awb-spacing-left-large:1.92%;--awb-width-medium:100%;--awb-spacing-right-medium:1.92%;--awb-spacing-left-medium:1.92%;--awb-width-small:100%;--awb-spacing-right-small:1.92%;--awb-spacing-left-small:1.92%;\"><div class=\"fusion-column-wrapper fusion-column-has-shadow fusion-flex-justify-content-flex-start fusion-content-layout-column\"><div class=\"fusion-text fusion-text-8\"><h2 style=\"text-align: center;\"><\/h2>\n<h2 style=\"text-align: center;\">Omple aquest q\u00fcestionari i esbrina si pots optar al servei de la UPE:<\/h2>\n<\/div>\n<iframe src=\"https:\/\/docs.google.com\/forms\/d\/e\/1FAIpQLSc6o3qIVsrX3VugKq6s6u-ODWVN1f_2fvexH072nWIp5Wp66g\/viewform?embedded=true\" width=\"100%\" height=\"720\" frameborder=\"0\" marginheight=\"0\" marginwidth=\"0\"><\/iframe><\/div><\/div><\/div><\/div><div class=\"fusion-fullwidth fullwidth-box fusion-builder-row-7 fusion-flex-container nonhundred-percent-fullwidth non-hundred-percent-height-scrolling\" style=\"--awb-border-radius-top-left:0px;--awb-border-radius-top-right:0px;--awb-border-radius-bottom-right:0px;--awb-border-radius-bottom-left:0px;--awb-flex-wrap:wrap;\" ><div class=\"fusion-builder-row fusion-row fusion-flex-align-items-flex-start fusion-flex-content-wrap\" style=\"max-width:1216.8px;margin-left: calc(-4% \/ 2 );margin-right: calc(-4% \/ 2 );\"><div class=\"fusion-layout-column fusion_builder_column fusion-builder-column-11 fusion_builder_column_1_1 1_1 fusion-flex-column\" style=\"--awb-padding-top:45px;--awb-bg-size:cover;--awb-width-large:100%;--awb-margin-top-large:0px;--awb-spacing-right-large:1.92%;--awb-margin-bottom-large:20px;--awb-spacing-left-large:1.92%;--awb-width-medium:100%;--awb-spacing-right-medium:1.92%;--awb-spacing-left-medium:1.92%;--awb-width-small:100%;--awb-spacing-right-small:1.92%;--awb-spacing-left-small:1.92%;\" id=\"qui-som\"><div class=\"fusion-column-wrapper fusion-column-has-shadow fusion-flex-justify-content-flex-start fusion-content-layout-column\"><div class=\"fusion-title title fusion-title-4 fusion-title-text fusion-title-size-one\"><div class=\"title-sep-container title-sep-container-left fusion-no-large-visibility fusion-no-medium-visibility fusion-no-small-visibility\"><div class=\"title-sep sep-double sep-solid\" style=\"border-color:#e0dede;\"><\/div><\/div><span class=\"awb-title-spacer fusion-no-large-visibility fusion-no-medium-visibility fusion-no-small-visibility\"><\/span><h1 class=\"fusion-title-heading title-heading-left\" style=\"margin:0;\">EQUIP DE LA UPE<\/h1><span class=\"awb-title-spacer\"><\/span><div class=\"title-sep-container title-sep-container-right\"><div class=\"title-sep sep-double sep-solid\" style=\"border-color:#e0dede;\"><\/div><\/div><\/div><div class=\"fusion-text fusion-text-9\"><p>Som un grup de professionals de la xarxa de salut mental de la teva comunitat. El nostre equip est\u00e0 format per dues treballadores socials, una terapeuta ocupacional, una educadora social i una psic\u00f2loga.<\/p>\n<\/div><div class=\"fusion-title title fusion-title-5 fusion-title-text fusion-title-size-one\"><div class=\"title-sep-container title-sep-container-left fusion-no-large-visibility fusion-no-medium-visibility fusion-no-small-visibility\"><div class=\"title-sep sep-double sep-solid\" style=\"border-color:#e0dede;\"><\/div><\/div><span class=\"awb-title-spacer fusion-no-large-visibility fusion-no-medium-visibility fusion-no-small-visibility\"><\/span><h1 class=\"fusion-title-heading title-heading-left\" style=\"margin:0;\"><\/h1><span class=\"awb-title-spacer\"><\/span><div class=\"title-sep-container title-sep-container-right\"><div class=\"title-sep sep-double sep-solid\" style=\"border-color:#e0dede;\"><\/div><\/div><\/div><div class=\"fusion-content-boxes content-boxes columns row fusion-columns-2 fusion-columns-total-5 fusion-content-boxes-2 content-boxes-clean-vertical content-left content-boxes-icon-on-top\" style=\"--awb-hover-accent-color:#65bc7b;--awb-circle-hover-accent-color:#65bc7b;\" data-animationOffset=\"top-into-view\"><div style=\"--awb-backgroundcolor:transparent;border-color:rgba(255,255,255,0);\" class=\"fusion-column content-box-column content-box-column content-box-column-1 col-lg-6 col-md-6 col-sm-6 fusion-content-box-hover content-box-column-first-in-row\"><div class=\"col content-box-wrapper content-wrapper link-area-link-icon icon-hover-animation-fade\" data-animationOffset=\"top-into-view\"><div class=\"heading heading-with-icon icon-left\"><div aria-hidden=\"true\" class=\"image\"><img decoding=\"async\" src=\"http:\/\/maresmecontinuum.cat\/wp-content\/uploads\/2020\/07\/carla-taboada-cc.jpg\" width=\"314\" height=\"314\" alt=\"\" \/><\/div><h2 class=\"content-box-heading\" style=\"--h2_typography-font-size:18px;line-height:23px;\">Carla Taboada<\/h2><\/div><div class=\"fusion-clearfix\"><\/div><div class=\"content-container\">\n<h4><strong><em>Coordinadora d&#8217;equip<\/em><\/strong><\/h4>\n<h3><em>T\u00e8cnica d&#8217;atenci\u00f3 directa<\/em><\/h3>\n<p>Graduada en Treball Social per la Universitat de Girona. \u00a0T\u00e8cnica de d&#8217;atenci\u00f3 directa a la Unitat de Prevenci\u00f3 a l&#8217;Exclusi\u00f3, de Maresme Continuum. Experi\u00e8ncia com a treballadora social del Servei Prelaboral i del Centre Especial de Treball de la Fundaci\u00f3 Privada el Mol\u00ed d&#8217;en Puigvert. Experi\u00e8ncia com a treballadora social de l&#8217;Hospital de Dia de la Comunitat Terap\u00e8utica del Maresme. \u00a0Formada en l&#8217;\u00e0mbit de joves en risc d&#8217;exclusi\u00f3, a trav\u00e9s de cursos i voluntariats socials.<\/p>\n<div style=\"background-color: #f5f5f5; border-color: #2196F3!important; border-left: 6px solid #ccc!important;\"><a href=\"mailto:carlat@maresmecontinuum.cat\" target=\"_blank\" rel=\"noopener noreferrer\">carlat@maresmecontinuum.cat<\/a><\/div>\n<div style=\"background-color: #f5f5f5; border-color: #2196F3!important; border-left: 6px solid #ccc!important;\"><a href=\"mailto:upe@maresmecontinuum.cat\" target=\"_blank\" rel=\"noopener noreferrer\">upe@maresmecontinuum.cat<\/a><br \/>\n<a href=\"tel:+34662518727\">\u260f 662. 518. 727<\/a><\/div>\n<\/div><\/div><\/div><div style=\"--awb-backgroundcolor:transparent;border-color:rgba(255,255,255,0);\" class=\"fusion-column content-box-column content-box-column content-box-column-2 col-lg-6 col-md-6 col-sm-6 fusion-content-box-hover content-box-column-last-in-row\"><div class=\"col content-box-wrapper content-wrapper link-area-link-icon icon-hover-animation-fade\" data-animationOffset=\"top-into-view\"><div class=\"heading heading-with-icon icon-left\"><div aria-hidden=\"true\" class=\"image\"><img decoding=\"async\" src=\"http:\/\/maresmecontinuum.cat\/wp-content\/uploads\/2020\/07\/carla-budo-cc.jpg\" width=\"314\" height=\"314\" alt=\"\" \/><\/div><h2 class=\"content-box-heading\" style=\"--h2_typography-font-size:18px;line-height:23px;\">Carla Bud\u00f3<\/h2><\/div><div class=\"fusion-clearfix\"><\/div><div class=\"content-container\">\n<h3><em>T\u00e8cnica d&#8217;atenci\u00f3 directa<\/em><\/h3>\n<p>Diplomada en Educaci\u00f3 Social per la Facultat Pere Tarr\u00e9s (Universitat Ramon Llull), i Especialista en Salut Mental Col\u00b7lectiva per la Universitat Rovira i Virgili. T\u00e8cnica d&#8217;atenci\u00f3 directa a la Unitat de Prevenci\u00f3 de l&#8217;Exclusi\u00f3 de Maresme Continuum. Educadora social en els Serveis de Rehabilitaci\u00f3 Comunit\u00e0ria de l&#8217;CFP (Centre de Formaci\u00f3 i Prevenci\u00f3), i educadora de el grup art\u00edstic AlterArte.<\/p>\n<p>Professional amb traject\u00f2ria centrada en atenci\u00f3 a la salut mental. Actualment, \u00e9s membre d&#8217;un equip orientat a l&#8217;atenci\u00f3 preco\u00e7 de joves amb psicosi incipient (programa PAE-TPI).<\/p>\n<div style=\"background-color: #f5f5f5; border-color: #2196F3!important; border-left: 6px solid #ccc!important;\"><a href=\"mailto:carla@maresmecontinuum.cat\" target=\"_blank\" rel=\"noopener noreferrer\">carla@maresmecontinuum.cat<\/a><\/div>\n<div style=\"background-color: #f5f5f5; border-color: #2196F3!important; border-left: 6px solid #ccc!important;\"><a href=\"mailto:upe@maresmecontinuum.cat\" target=\"_blank\" rel=\"noopener noreferrer\">upe@maresmecontinuum.cat<\/a><br \/>\n<a href=\"tel:+34638620727\">\u260f 638. 620. 727<\/a><\/div>\n<\/div><\/div><\/div><div style=\"--awb-backgroundcolor:transparent;border-color:rgba(255,255,255,0);\" class=\"fusion-column content-box-column content-box-column content-box-column-3 col-lg-6 col-md-6 col-sm-6 fusion-content-box-hover content-box-column-first-in-row\"><div class=\"col content-box-wrapper content-wrapper link-area-link-icon icon-hover-animation-fade\" data-animationOffset=\"top-into-view\"><div class=\"heading heading-with-icon icon-left\"><div aria-hidden=\"true\" class=\"image\"><img decoding=\"async\" src=\"http:\/\/maresmecontinuum.cat\/wp-content\/uploads\/2020\/07\/maria-cc.jpg\" width=\"314\" height=\"314\" alt=\"\" \/><\/div><h2 class=\"content-box-heading\" style=\"--h2_typography-font-size:18px;line-height:23px;\">Maria Cantos<\/h2><\/div><div class=\"fusion-clearfix\"><\/div><div class=\"content-container\">\n<h3><em>T\u00e8cnica d&#8217;atenci\u00f3 directa<\/em><\/h3>\n<p>Llicenciada en psicologia per la UAB. M\u00f2duls de postgrau de prevenci\u00f3 i promoci\u00f3 d&#8217;un estil de vida saludable: estr\u00e8s i relaxaci\u00f3, alimentaci\u00f3 i activitat f\u00edsica (UAB).\u00a0 Psic\u00f2loga i coordinadora del servei prelaboral de la Fundaci\u00f3 privada el Mol\u00ed d&#8217;en Puigvert. T\u00e8cnica de refer\u00e8ncia a la Unitat de Prevenci\u00f3 a la exclusi\u00f3, de Maresme Continnum. Experi\u00e8ncia com a psic\u00f2loga d&#8217;USAP en CET; t\u00e8cnica d&#8217;inserci\u00f3 laboral del programa de Treball amb Suport destinat a persones amb TMS, i t\u00e8cnica d&#8217;inserci\u00f3 del Programa Incorpora de l&#8217;obra social LaCaixa. Formadora en tallers d&#8217;habilitats socials i compet\u00e8ncies laborals dirigit a persones amb problem\u00e0tica derivada de la salut mental; i formadora de cursos de t\u00e8cniques comercials destinat a persones amb problem\u00e0tica derivada de la salut mental.<\/p>\n<div style=\"background-color: #f5f5f5; border-color: #2196F3!important; border-left: 6px solid #ccc!important;\"><a href=\"mailto:maria@maresmecontinuum.cat\" target=\"_blank\" rel=\"noopener noreferrer\">maria@maresmecontinuum.cat<\/a><\/div>\n<div style=\"background-color: #f5f5f5; border-color: #2196F3!important; border-left: 6px solid #ccc!important;\"><a href=\"mailto:upe@maresmecontinuum.cat\" target=\"_blank\" rel=\"noopener noreferrer\">upe@maresmecontinuum.cat<\/a><br \/>\n<a href=\"tel:+34676476035\">\u260f 676. 476. 035<\/a><\/div>\n<\/div><\/div><\/div><div style=\"--awb-backgroundcolor:transparent;border-color:rgba(255,255,255,0);\" class=\"fusion-column content-box-column content-box-column content-box-column-4 col-lg-6 col-md-6 col-sm-6 fusion-content-box-hover content-box-column-last-in-row\"><div class=\"col content-box-wrapper content-wrapper link-area-link-icon icon-hover-animation-fade\" data-animationOffset=\"top-into-view\"><div class=\"heading heading-with-icon icon-left\"><div aria-hidden=\"true\" class=\"image\"><img decoding=\"async\" src=\"https:\/\/maresmecontinuum.cat\/wp-content\/uploads\/2021\/06\/helena-cc-v2.jpg\" width=\"314\" height=\"314\" alt=\"\" \/><\/div><h2 class=\"content-box-heading\" style=\"--h2_typography-font-size:18px;line-height:23px;\">Helena Guallar<\/h2><\/div><div class=\"fusion-clearfix\"><\/div><div class=\"content-container\">\n<h3><em>T\u00e8cnica d&#8217;atenci\u00f3 directa<\/em><\/h3>\n<p>Graduada en Ter\u00e0pia Ocupacional per la Universitat de Saragossa, i Especialista en Salut Mental per la Universitat de Barcelona. Postgrau en Intel\u00b7lig\u00e8ncia Emocional. Coordinadora d&#8217;equip i t\u00e8cnica d&#8217;atenci\u00f3 directa en la Unitat de Prevenci\u00f3 a l&#8217;Exclusi\u00f3, de Maresme Continuum. T\u00e8cnica d&#8217;inserci\u00f3 laboral a la Comunitat Terap\u00e8utica del Maresme. Professional formada en perspectiva de g\u00e8nere, i igualtat, a trav\u00e9s de diversos postgraus de formaci\u00f3 continuada. Docent en tallers de prevenci\u00f3 a les drogodepend\u00e8ncies i reducci\u00f3 de danys en centres educatius de Blanes.<\/p>\n<div style=\"background-color: #f5f5f5; border-color: #2196F3!important; border-left: 6px solid #ccc!important;\"><a href=\"mailto:helena@maresmecontinuum.cat\" target=\"_blank\" rel=\"noopener noreferrer\">helena@maresmecontinuum.cat<\/a><\/div>\n<div style=\"background-color: #f5f5f5; border-color: #2196F3!important; border-left: 6px solid #ccc!important;\"><a href=\"mailto:upe@maresmecontinuum.cat\" target=\"_blank\" rel=\"noopener noreferrer\">upe@maresmecontinuum.cat<\/a><br \/>\n<a href=\"tel:+34680547194\">\u260f 680. 547. 194<\/a><\/div>\n<\/div><\/div><\/div><div style=\"--awb-backgroundcolor:transparent;border-color:rgba(255,255,255,0);\" class=\"fusion-column content-box-column content-box-column content-box-column-5 col-lg-6 col-md-6 col-sm-6 fusion-content-box-hover content-box-column-first-in-row content-box-column-last\"><div class=\"col content-box-wrapper content-wrapper link-area-link-icon icon-hover-animation-fade\" data-animationOffset=\"top-into-view\"><div class=\"heading heading-with-icon icon-left\"><div aria-hidden=\"true\" class=\"image\"><img decoding=\"async\" src=\"http:\/\/maresmecontinuum.cat\/wp-content\/uploads\/2020\/07\/bego\u00f1a-cc-v2.jpg\" width=\"314\" height=\"314\" alt=\"\" \/><\/div><h2 class=\"content-box-heading\" style=\"--h2_typography-font-size:18px;line-height:23px;\">Bego\u00f1a Gallardo <\/h2><\/div><div class=\"fusion-clearfix\"><\/div><div class=\"content-container\">\n<h3><em>T\u00e8cnica d&#8217;atenci\u00f3 a la demanda<\/em><\/h3>\n<p>Especialista en Salut Mental Comunit\u00e0ria i Atenci\u00f3 a les persones. Diplomada en Treball Social per la Universitat de Barcelona. Direcci\u00f3 T\u00e8cnica del programa d\u2019Habitatge del CFP Maresme: Llars amb Suport, Programa de Suport a la vida independent, Pisos assistits joves 16 \u2013 18 anys, pisos ASJTET i programa de Parentalitat Positiva.\u00a0 Treballadora Social del SRC Premi\u00e0 i del servei Prelaboral del CFP.<\/p>\n<div style=\"background-color: #f5f5f5; border-color: #2196F3!important; border-left: 6px solid #ccc!important;\"><a href=\"mailto:bego@maresmecontinuum.cat\" target=\"_blank\" rel=\"noopener noreferrer\">bego@maresmecontinuum.cat<\/a><br \/>\n<a href=\"mailto:upe@maresmecontinuum.cat\" target=\"_blank\" rel=\"noopener noreferrer\">upe@maresmecontinuum.cat<\/a><br \/>\n<a href=\"tel:+34937553604\">\u260f 937. 553. 604<\/a><\/div>\n<\/div><\/div><\/div><div class=\"fusion-clearfix\"><\/div><\/div><\/div><\/div><\/div><\/div><\/p>\n","protected":false},"excerpt":{"rendered":"","protected":false},"author":1,"featured_media":0,"parent":0,"menu_order":0,"comment_status":"closed","ping_status":"closed","template":"100-width.php","meta":{"footnotes":""},"class_list":["post-8","page","type-page","status-publish","hentry"],"_links":{"self":[{"href":"https:\/\/maresmecontinuum.cat\/es\/wp-json\/wp\/v2\/pages\/8","targetHints":{"allow":["GET"]}}],"collection":[{"href":"https:\/\/maresmecontinuum.cat\/es\/wp-json\/wp\/v2\/pages"}],"about":[{"href":"https:\/\/maresmecontinuum.cat\/es\/wp-json\/wp\/v2\/types\/page"}],"author":[{"embeddable":true,"href":"https:\/\/maresmecontinuum.cat\/es\/wp-json\/wp\/v2\/users\/1"}],"replies":[{"embeddable":true,"href":"https:\/\/maresmecontinuum.cat\/es\/wp-json\/wp\/v2\/comments?post=8"}],"version-history":[{"count":180,"href":"https:\/\/maresmecontinuum.cat\/es\/wp-json\/wp\/v2\/pages\/8\/revisions"}],"predecessor-version":[{"id":1774,"href":"https:\/\/maresmecontinuum.cat\/es\/wp-json\/wp\/v2\/pages\/8\/revisions\/1774"}],"wp:attachment":[{"href":"https:\/\/maresmecontinuum.cat\/es\/wp-json\/wp\/v2\/media?parent=8"}],"curies":[{"name":"wp","href":"https:\/\/api.w.org\/{rel}","templated":true}]}}