{"id":10,"date":"2016-08-10T08:51:55","date_gmt":"2016-08-10T08:51:55","guid":{"rendered":"http:\/\/maresmecontinuum.cat\/?page_id=10"},"modified":"2020-09-18T11:27:06","modified_gmt":"2020-09-18T10:27:06","slug":"noticies","status":"publish","type":"page","link":"https:\/\/maresmecontinuum.cat\/es\/noticies\/","title":{"rendered":"NOTICIAS"},"content":{"rendered":"<div class=\"fusion-fullwidth fullwidth-box fusion-builder-row-1 hundred-percent-fullwidth non-hundred-percent-height-scrolling\" style=\"--awb-background-position:left top;--awb-border-radius-top-left:0px;--awb-border-radius-top-right:0px;--awb-border-radius-bottom-right:0px;--awb-border-radius-bottom-left:0px;--awb-padding-top:150px;--awb-padding-right:5.5%;--awb-padding-bottom:150px;--awb-padding-left:5.5%;--awb-background-color:#f7f7f7;--awb-border-sizes-top:0px;--awb-border-sizes-bottom:0px;--awb-flex-wrap:wrap;\" ><div class=\"fusion-builder-row fusion-row\"><div class=\"fusion-layout-column fusion_builder_column fusion-builder-column-0 fusion_builder_column_1_1 1_1 fusion-one-full fusion-column-first fusion-column-last\" style=\"--awb-bg-size:cover;\"><div class=\"fusion-column-wrapper fusion-flex-column-wrapper-legacy\"><div class=\"fusion-blog-shortcode fusion-blog-shortcode-1 fusion-blog-archive fusion-blog-layout-grid-wrapper fusion-blog-infinite\"><style type=\"text\/css\">.fusion-blog-shortcode-1 .fusion-blog-layout-grid .fusion-post-grid{padding:25px;}.fusion-blog-shortcode-1 .fusion-posts-container{margin-left: -25px !important; margin-right:-25px !important;}<\/style><div class=\"fusion-posts-container fusion-posts-container-infinite fusion-posts-container-load-more fusion-blog-rollover fusion-blog-layout-grid fusion-blog-layout-grid-3 isotope\" data-pages=\"4\" data-grid-col-space=\"50\" style=\"margin: -25px -25px 0;min-height:500px;\"><article id=\"blog-1-post-1791\" class=\"fusion-post-grid post-1791 post type-post status-publish format-standard has-post-thumbnail hentry category-sin-categoria\">\n<div class=\"fusion-post-wrapper\" style=\"background-color:rgba(255,255,255,0);border:1px solid #ebeaea;border-bottom-width:3px;\">\n\n\t\t\t<div class=\"fusion-flexslider flexslider fusion-flexslider-loading fusion-post-slideshow\" style=\"border-color:#ebeaea;\">\n\t\t<ul class=\"slides\">\n\t\t\t\n\t\t\t\t\t\t\t\t\t\t\t\t\t\t<li><div  class=\"fusion-image-wrapper\" aria-haspopup=\"true\">\n\t\t\t\t<img decoding=\"async\" width=\"1288\" height=\"345\" src=\"https:\/\/maresmecontinuum.cat\/wp-content\/uploads\/2022\/11\/collage.jpg\" class=\"attachment-full size-full wp-post-image\" alt=\"\" srcset=\"https:\/\/maresmecontinuum.cat\/wp-content\/uploads\/2022\/11\/collage-200x54.jpg 200w, https:\/\/maresmecontinuum.cat\/wp-content\/uploads\/2022\/11\/collage-400x107.jpg 400w, https:\/\/maresmecontinuum.cat\/wp-content\/uploads\/2022\/11\/collage-600x161.jpg 600w, https:\/\/maresmecontinuum.cat\/wp-content\/uploads\/2022\/11\/collage-800x214.jpg 800w, https:\/\/maresmecontinuum.cat\/wp-content\/uploads\/2022\/11\/collage-1200x321.jpg 1200w, https:\/\/maresmecontinuum.cat\/wp-content\/uploads\/2022\/11\/collage.jpg 1288w\" sizes=\"(min-width: 2200px) 100vw, (min-width: 960px) 357px, (min-width: 800px) 535px, (min-width: 640px) 800px, \" \/><div class=\"fusion-rollover\">\n\t<div class=\"fusion-rollover-content\">\n\n\t\t\t\t\n\t\t\n\t\t\t\t\t\t\t\t\t\t\t\t<h4 class=\"fusion-rollover-title\">\n\t\t\t\t\t<a class=\"fusion-rollover-title-link\" href=\"https:\/\/maresmecontinuum.cat\/es\/740-persones-caminen-per-la-salut-mental-a-mataro\/\">\n\t\t\t\t\t\t740 personas caminan para la salud mental en Matar\u00f3\t\t\t\t\t<\/a>\n\t\t\t\t<\/h4>\n\t\t\t\n\t\t\t\t\t\t\t\t\n\t\t\n\t\t\t\t\t\t<a class=\"fusion-link-wrapper\" href=\"https:\/\/maresmecontinuum.cat\/es\/740-persones-caminen-per-la-salut-mental-a-mataro\/\" aria-label=\"740 personas caminan para la salud mental en Matar\u00f3\"><\/a>\n\t<\/div>\n<\/div>\n<\/div>\n<\/li>\n\t\t\t\n\t\t\t\n\t\t\t\t\t\t\t\t\t\t\t\t\t\t\t\t\t\t\t\t\t\t\t\t\t\t\t\t\t\t\t\t\t\t\t\t\t\t\t\t\t\t\t\t\t\t\t\t\t\t\t\t\t\t\t\t\t\t\t\t\t\t\t\t\t\t\t\t<\/ul>\n\t<\/div>\n\t<div class=\"fusion-post-content-wrapper\" style=\"padding:30px 25px 20px 25px;\"><div class=\"fusion-post-content post-content\"><h2 class=\"blog-shortcode-post-title entry-title\"><a href=\"https:\/\/maresmecontinuum.cat\/es\/740-persones-caminen-per-la-salut-mental-a-mataro\/\">740 personas caminan para la salud mental en Matar\u00f3<\/a><\/h2><div class=\"fusion-content-sep sep-single sep-solid\"><\/div><div class=\"fusion-post-content-container\"><p>Ayer se celebr\u00f3 la d\u00e9cima edici\u00f3n de la Marcha para la Salud Mental, una caminata de la que formamos parte de la comisi\u00f3n organizadora desde la primera edici\u00f3n. Tiene por objetivo ayudar a romper con<\/p><\/div><\/div><div class=\"fusion-meta-info\"><div class=\"fusion-alignleft\"><a class=\"fusion-read-more\" href=\"https:\/\/maresmecontinuum.cat\/es\/740-persones-caminen-per-la-salut-mental-a-mataro\/\" aria-label=\"More on 740 personas caminan para la salud mental en Matar\u00f3\">Leer M\u00e1s<\/a><\/div><\/div><\/div><div class=\"fusion-clearfix\"><\/div><\/div>\n<\/article>\n<article id=\"blog-1-post-1784\" class=\"fusion-post-grid post-1784 post type-post status-publish format-standard has-post-thumbnail hentry category-sin-categoria\">\n<div class=\"fusion-post-wrapper\" style=\"background-color:rgba(255,255,255,0);border:1px solid #ebeaea;border-bottom-width:3px;\">\n\n\t\t\t<div class=\"fusion-flexslider flexslider fusion-flexslider-loading fusion-post-slideshow\" style=\"border-color:#ebeaea;\">\n\t\t<ul class=\"slides\">\n\t\t\t\n\t\t\t\t\t\t\t\t\t\t\t\t\t\t<li><div  class=\"fusion-image-wrapper\" aria-haspopup=\"true\">\n\t\t\t\t<img decoding=\"async\" width=\"1188\" height=\"785\" src=\"https:\/\/maresmecontinuum.cat\/wp-content\/uploads\/2022\/09\/Captura2.jpg\" class=\"attachment-full size-full wp-post-image\" alt=\"\" srcset=\"https:\/\/maresmecontinuum.cat\/wp-content\/uploads\/2022\/09\/Captura2-200x132.jpg 200w, https:\/\/maresmecontinuum.cat\/wp-content\/uploads\/2022\/09\/Captura2-400x264.jpg 400w, https:\/\/maresmecontinuum.cat\/wp-content\/uploads\/2022\/09\/Captura2-600x396.jpg 600w, https:\/\/maresmecontinuum.cat\/wp-content\/uploads\/2022\/09\/Captura2-800x529.jpg 800w, https:\/\/maresmecontinuum.cat\/wp-content\/uploads\/2022\/09\/Captura2.jpg 1188w\" sizes=\"(min-width: 2200px) 100vw, (min-width: 960px) 357px, (min-width: 800px) 535px, (min-width: 640px) 800px, \" \/><div class=\"fusion-rollover\">\n\t<div class=\"fusion-rollover-content\">\n\n\t\t\t\t\n\t\t\n\t\t\t\t\t\t\t\t\t\t\t\t<h4 class=\"fusion-rollover-title\">\n\t\t\t\t\t<a class=\"fusion-rollover-title-link\" href=\"https:\/\/maresmecontinuum.cat\/es\/persones-ateses-des-dels-src-ensenyen-cuina-als-joves-del-programa-datencio-especifica-a-trastorns-psicotics-incipients\/\">\n\t\t\t\t\t\tPersonas atendidas desde los SRC ense\u00f1an cocina a los j\u00f3venes del programa de Atenci\u00f3n Espec\u00edfica a Trastornos Psic\u00f3ticos Incipientes\t\t\t\t\t<\/a>\n\t\t\t\t<\/h4>\n\t\t\t\n\t\t\t\t\t\t\t\t\n\t\t\n\t\t\t\t\t\t<a class=\"fusion-link-wrapper\" href=\"https:\/\/maresmecontinuum.cat\/es\/persones-ateses-des-dels-src-ensenyen-cuina-als-joves-del-programa-datencio-especifica-a-trastorns-psicotics-incipients\/\" aria-label=\"Personas atendidas desde los SRC ense\u00f1an cocina a los j\u00f3venes del programa de Atenci\u00f3n Espec\u00edfica a Trastornos Psic\u00f3ticos Incipientes\"><\/a>\n\t<\/div>\n<\/div>\n<\/div>\n<\/li>\n\t\t\t\n\t\t\t\n\t\t\t\t\t\t\t\t\t\t\t\t\t\t\t\t\t\t\t\t\t\t\t\t\t\t\t\t\t\t\t\t\t\t\t\t\t\t\t\t\t\t\t\t\t\t\t\t\t\t\t\t\t\t\t\t\t\t\t\t\t\t\t\t\t\t\t\t<\/ul>\n\t<\/div>\n\t<div class=\"fusion-post-content-wrapper\" style=\"padding:30px 25px 20px 25px;\"><div class=\"fusion-post-content post-content\"><h2 class=\"blog-shortcode-post-title entry-title\"><a href=\"https:\/\/maresmecontinuum.cat\/es\/persones-ateses-des-dels-src-ensenyen-cuina-als-joves-del-programa-datencio-especifica-a-trastorns-psicotics-incipients\/\">Personas atendidas desde los SRC ense\u00f1an cocina a los j\u00f3venes del programa de Atenci\u00f3n Espec\u00edfica a Trastornos Psic\u00f3ticos Incipientes<\/a><\/h2><div class=\"fusion-content-sep sep-single sep-solid\"><\/div><div class=\"fusion-post-content-container\"><p>Pronto har\u00e1 un a\u00f1o que Jenny y Esther, aficionadas a la cocina y personas que acompa\u00f1amos desde el SRC y el SRC Burriac, respectivamente, comparten sus conocimientos culinarios con los j\u00f3venes que atendemos en el<\/p><\/div><\/div><div class=\"fusion-meta-info\"><div class=\"fusion-alignleft\"><a class=\"fusion-read-more\" href=\"https:\/\/maresmecontinuum.cat\/es\/persones-ateses-des-dels-src-ensenyen-cuina-als-joves-del-programa-datencio-especifica-a-trastorns-psicotics-incipients\/\" aria-label=\"More on Personas atendidas desde los SRC ense\u00f1an cocina a los j\u00f3venes del programa de Atenci\u00f3n Espec\u00edfica a Trastornos Psic\u00f3ticos Incipientes\">Leer M\u00e1s<\/a><\/div><\/div><\/div><div class=\"fusion-clearfix\"><\/div><\/div>\n<\/article>\n<article id=\"blog-1-post-1778\" class=\"fusion-post-grid post-1778 post type-post status-publish format-standard has-post-thumbnail hentry category-sin-categoria\">\n<div class=\"fusion-post-wrapper\" style=\"background-color:rgba(255,255,255,0);border:1px solid #ebeaea;border-bottom-width:3px;\">\n\n\t\t\t<div class=\"fusion-flexslider flexslider fusion-flexslider-loading fusion-post-slideshow\" style=\"border-color:#ebeaea;\">\n\t\t<ul class=\"slides\">\n\t\t\t\n\t\t\t\t\t\t\t\t\t\t\t\t\t\t<li><div  class=\"fusion-image-wrapper\" aria-haspopup=\"true\">\n\t\t\t\t<img decoding=\"async\" width=\"881\" height=\"481\" src=\"https:\/\/maresmecontinuum.cat\/wp-content\/uploads\/2022\/07\/retallada.jpg\" class=\"attachment-full size-full wp-post-image\" alt=\"\" srcset=\"https:\/\/maresmecontinuum.cat\/wp-content\/uploads\/2022\/07\/retallada-200x109.jpg 200w, https:\/\/maresmecontinuum.cat\/wp-content\/uploads\/2022\/07\/retallada-400x218.jpg 400w, https:\/\/maresmecontinuum.cat\/wp-content\/uploads\/2022\/07\/retallada-600x328.jpg 600w, https:\/\/maresmecontinuum.cat\/wp-content\/uploads\/2022\/07\/retallada-800x437.jpg 800w, https:\/\/maresmecontinuum.cat\/wp-content\/uploads\/2022\/07\/retallada.jpg 881w\" sizes=\"(min-width: 2200px) 100vw, (min-width: 960px) 357px, (min-width: 800px) 535px, (min-width: 640px) 800px, \" \/><div class=\"fusion-rollover\">\n\t<div class=\"fusion-rollover-content\">\n\n\t\t\t\t\n\t\t\n\t\t\t\t\t\t\t\t\t\t\t\t<h4 class=\"fusion-rollover-title\">\n\t\t\t\t\t<a class=\"fusion-rollover-title-link\" href=\"https:\/\/maresmecontinuum.cat\/es\/el-poder-de-la-paraula-la-historia-de-confinament-del-cfp-compartida-al-memorial-covid-19-de-lajuntament-de-mataro\/\">\n\t\t\t\t\t\t&#8221;El poder de la palabra&#8221;, la historia de confinamiento del CFP compartida en el Memorial Covid-19 del Ayuntamiento de Matar\u00f3\t\t\t\t\t<\/a>\n\t\t\t\t<\/h4>\n\t\t\t\n\t\t\t\t\t\t\t\t\n\t\t\n\t\t\t\t\t\t<a class=\"fusion-link-wrapper\" href=\"https:\/\/maresmecontinuum.cat\/es\/el-poder-de-la-paraula-la-historia-de-confinament-del-cfp-compartida-al-memorial-covid-19-de-lajuntament-de-mataro\/\" aria-label=\"&#8220;El poder de la palabra&#8221;, la historia de confinamiento del CFP compartida en el Memorial Covid-19 del Ayuntamiento de Matar\u00f3\"><\/a>\n\t<\/div>\n<\/div>\n<\/div>\n<\/li>\n\t\t\t\n\t\t\t\n\t\t\t\t\t\t\t\t\t\t\t\t\t\t\t\t\t\t\t\t\t\t\t\t\t\t\t\t\t\t\t\t\t\t\t\t\t\t\t\t\t\t\t\t\t\t\t\t\t\t\t\t\t\t\t\t\t\t\t\t\t\t\t\t\t\t\t\t<\/ul>\n\t<\/div>\n\t<div class=\"fusion-post-content-wrapper\" style=\"padding:30px 25px 20px 25px;\"><div class=\"fusion-post-content post-content\"><h2 class=\"blog-shortcode-post-title entry-title\"><a href=\"https:\/\/maresmecontinuum.cat\/es\/el-poder-de-la-paraula-la-historia-de-confinament-del-cfp-compartida-al-memorial-covid-19-de-lajuntament-de-mataro\/\">&#8220;El poder de la palabra&#8221;, la historia de confinamiento del CFP compartida en el Memorial Covid-19 del Ayuntamiento de Matar\u00f3<\/a><\/h2><div class=\"fusion-content-sep sep-single sep-solid\"><\/div><div class=\"fusion-post-content-container\"><p>Hace unos d\u00edas tuvo lugar el acto Memorial Covid-19 del Ayuntamiento de Matar\u00f3. Un acto muy emotivo en memoria de las v\u00edctimas de la Covid-19 y en agradecimiento a las personas que cuidaron a la<\/p><\/div><\/div><div class=\"fusion-meta-info\"><div class=\"fusion-alignleft\"><a class=\"fusion-read-more\" href=\"https:\/\/maresmecontinuum.cat\/es\/el-poder-de-la-paraula-la-historia-de-confinament-del-cfp-compartida-al-memorial-covid-19-de-lajuntament-de-mataro\/\" aria-label=\"More on &#8220;El poder de la palabra&#8221;, la historia de confinamiento del CFP compartida en el Memorial Covid-19 del Ayuntamiento de Matar\u00f3\">Leer M\u00e1s<\/a><\/div><\/div><\/div><div class=\"fusion-clearfix\"><\/div><\/div>\n<\/article>\n<article id=\"blog-1-post-1764\" class=\"fusion-post-grid post-1764 post type-post status-publish format-standard has-post-thumbnail hentry category-sin-categoria\">\n<div class=\"fusion-post-wrapper\" style=\"background-color:rgba(255,255,255,0);border:1px solid #ebeaea;border-bottom-width:3px;\">\n\n\t\t\t<div class=\"fusion-flexslider flexslider fusion-flexslider-loading fusion-post-slideshow\" style=\"border-color:#ebeaea;\">\n\t\t<ul class=\"slides\">\n\t\t\t\n\t\t\t\t\t\t\t\t\t\t\t\t\t\t<li><div  class=\"fusion-image-wrapper\" aria-haspopup=\"true\">\n\t\t\t\t<img decoding=\"async\" width=\"678\" height=\"445\" src=\"https:\/\/maresmecontinuum.cat\/wp-content\/uploads\/2022\/06\/Captura.jpg\" class=\"attachment-full size-full wp-post-image\" alt=\"\" srcset=\"https:\/\/maresmecontinuum.cat\/wp-content\/uploads\/2022\/06\/Captura-200x131.jpg 200w, https:\/\/maresmecontinuum.cat\/wp-content\/uploads\/2022\/06\/Captura-400x263.jpg 400w, https:\/\/maresmecontinuum.cat\/wp-content\/uploads\/2022\/06\/Captura-600x394.jpg 600w, https:\/\/maresmecontinuum.cat\/wp-content\/uploads\/2022\/06\/Captura.jpg 678w\" sizes=\"(min-width: 2200px) 100vw, (min-width: 960px) 357px, (min-width: 800px) 535px, (min-width: 640px) 800px, \" \/><div class=\"fusion-rollover\">\n\t<div class=\"fusion-rollover-content\">\n\n\t\t\t\t\n\t\t\n\t\t\t\t\t\t\t\t\t\t\t\t<h4 class=\"fusion-rollover-title\">\n\t\t\t\t\t<a class=\"fusion-rollover-title-link\" href=\"https:\/\/maresmecontinuum.cat\/es\/el-80-de-les-persones-que-han-participat-al-proces-de-seleccio-d-ingesan-ohl-han-estat-contractades\/\">\n\t\t\t\t\t\tEl 80% de las personas que han participado en el proceso de selecci\u00f3n de INGESAN OHL han sido contratadas\t\t\t\t\t<\/a>\n\t\t\t\t<\/h4>\n\t\t\t\n\t\t\t\t\t\t\t\t\n\t\t\n\t\t\t\t\t\t<a class=\"fusion-link-wrapper\" href=\"https:\/\/maresmecontinuum.cat\/es\/el-80-de-les-persones-que-han-participat-al-proces-de-seleccio-d-ingesan-ohl-han-estat-contractades\/\" aria-label=\"El 80% de las personas que han participado en el proceso de selecci\u00f3n de INGESAN OHL han sido contratadas\"><\/a>\n\t<\/div>\n<\/div>\n<\/div>\n<\/li>\n\t\t\t\n\t\t\t\n\t\t\t\t\t\t\t\t\t\t\t\t\t\t\t\t\t\t\t\t\t\t\t\t\t\t\t\t\t\t\t\t\t\t\t\t\t\t\t\t\t\t\t\t\t\t\t\t\t\t\t\t\t\t\t\t\t\t\t\t\t\t\t\t\t\t\t\t<\/ul>\n\t<\/div>\n\t<div class=\"fusion-post-content-wrapper\" style=\"padding:30px 25px 20px 25px;\"><div class=\"fusion-post-content post-content\"><h2 class=\"blog-shortcode-post-title entry-title\"><a href=\"https:\/\/maresmecontinuum.cat\/es\/el-80-de-les-persones-que-han-participat-al-proces-de-seleccio-d-ingesan-ohl-han-estat-contractades\/\">El 80% de las personas que han participado en el proceso de selecci\u00f3n de INGESAN OHL han sido contratadas<\/a><\/h2><div class=\"fusion-content-sep sep-single sep-solid\"><\/div><div class=\"fusion-post-content-container\"><p>12 personas, de las\u00a015 candidatas,\u00a0han conseguido un\u00a0contrato laboral. Har\u00e1n suplencias como personal de limpieza de distintos centros de atenci\u00f3n primaria durante los pr\u00f3ximos tres meses. Tal y como comenta el equipo del servicio de Formaci\u00f3n<\/p><\/div><\/div><div class=\"fusion-meta-info\"><div class=\"fusion-alignleft\"><a class=\"fusion-read-more\" href=\"https:\/\/maresmecontinuum.cat\/es\/el-80-de-les-persones-que-han-participat-al-proces-de-seleccio-d-ingesan-ohl-han-estat-contractades\/\" aria-label=\"More on El 80% de las personas que han participado en el proceso de selecci\u00f3n de INGESAN OHL han sido contratadas\">Leer M\u00e1s<\/a><\/div><\/div><\/div><div class=\"fusion-clearfix\"><\/div><\/div>\n<\/article>\n<article id=\"blog-1-post-1758\" class=\"fusion-post-grid post-1758 post type-post status-publish format-standard has-post-thumbnail hentry category-sin-categoria\">\n<div class=\"fusion-post-wrapper\" style=\"background-color:rgba(255,255,255,0);border:1px solid #ebeaea;border-bottom-width:3px;\">\n\n\t\t\t<div class=\"fusion-flexslider flexslider fusion-flexslider-loading fusion-post-slideshow\" style=\"border-color:#ebeaea;\">\n\t\t<ul class=\"slides\">\n\t\t\t\n\t\t\t\t\t\t\t\t\t\t\t\t\t\t<li><div  class=\"fusion-image-wrapper\" aria-haspopup=\"true\">\n\t\t\t\t<img decoding=\"async\" width=\"1709\" height=\"800\" src=\"https:\/\/maresmecontinuum.cat\/wp-content\/uploads\/2022\/05\/banner.jpg\" class=\"attachment-full size-full wp-post-image\" alt=\"\" srcset=\"https:\/\/maresmecontinuum.cat\/wp-content\/uploads\/2022\/05\/banner-200x94.jpg 200w, https:\/\/maresmecontinuum.cat\/wp-content\/uploads\/2022\/05\/banner-400x187.jpg 400w, https:\/\/maresmecontinuum.cat\/wp-content\/uploads\/2022\/05\/banner-600x281.jpg 600w, https:\/\/maresmecontinuum.cat\/wp-content\/uploads\/2022\/05\/banner-800x374.jpg 800w, https:\/\/maresmecontinuum.cat\/wp-content\/uploads\/2022\/05\/banner-1200x562.jpg 1200w, https:\/\/maresmecontinuum.cat\/wp-content\/uploads\/2022\/05\/banner.jpg 1709w\" sizes=\"(min-width: 2200px) 100vw, (min-width: 960px) 357px, (min-width: 800px) 535px, (min-width: 640px) 800px, \" \/><div class=\"fusion-rollover\">\n\t<div class=\"fusion-rollover-content\">\n\n\t\t\t\t\n\t\t\n\t\t\t\t\t\t\t\t\t\t\t\t<h4 class=\"fusion-rollover-title\">\n\t\t\t\t\t<a class=\"fusion-rollover-title-link\" href=\"https:\/\/maresmecontinuum.cat\/es\/els-jocs-florals-del-cfp-compten-amb-la-participacio-de-persones-del-moli-den-puigvert-i-de-lentitat-promotora-del-concurs\/\">\n\t\t\t\t\t\tLos Jocs Florals CFP cuentan con la participaci\u00f3n de personas atendidas desde el Mol\u00ed d&#8217;en Puigvert y desde la entidad promotora\t\t\t\t\t<\/a>\n\t\t\t\t<\/h4>\n\t\t\t\n\t\t\t\t\t\t\t\t\n\t\t\n\t\t\t\t\t\t<a class=\"fusion-link-wrapper\" href=\"https:\/\/maresmecontinuum.cat\/es\/els-jocs-florals-del-cfp-compten-amb-la-participacio-de-persones-del-moli-den-puigvert-i-de-lentitat-promotora-del-concurs\/\" aria-label=\"Los Jocs Florals CFP cuentan con la participaci\u00f3n de personas atendidas desde el Mol\u00ed d&#8217;en Puigvert y desde la entidad promotora\"><\/a>\n\t<\/div>\n<\/div>\n<\/div>\n<\/li>\n\t\t\t\n\t\t\t\n\t\t\t\t\t\t\t\t\t\t\t\t\t\t\t\t\t\t\t\t\t\t\t\t\t\t\t\t\t\t\t\t\t\t\t\t\t\t\t\t\t\t\t\t\t\t\t\t\t\t\t\t\t\t\t\t\t\t\t\t\t\t\t\t\t\t\t\t<\/ul>\n\t<\/div>\n\t<div class=\"fusion-post-content-wrapper\" style=\"padding:30px 25px 20px 25px;\"><div class=\"fusion-post-content post-content\"><h2 class=\"blog-shortcode-post-title entry-title\"><a href=\"https:\/\/maresmecontinuum.cat\/es\/els-jocs-florals-del-cfp-compten-amb-la-participacio-de-persones-del-moli-den-puigvert-i-de-lentitat-promotora-del-concurs\/\">Los Jocs Florals CFP cuentan con la participaci\u00f3n de personas atendidas desde el Mol\u00ed d&#8217;en Puigvert y desde la entidad promotora<\/a><\/h2><div class=\"fusion-content-sep sep-single sep-solid\"><\/div><div class=\"fusion-post-content-container\"><p>Recientemente se han hecho p\u00fablicas las obras ganadoras de los Jocs Florals CFP. Un certamen de narrativa breve y poes\u00eda, enmarcado en la Diada de Sant Jordi, destinado a personas atendidas desde la red p\u00fablica<\/p><\/div><\/div><div class=\"fusion-meta-info\"><div class=\"fusion-alignleft\"><a class=\"fusion-read-more\" href=\"https:\/\/maresmecontinuum.cat\/es\/els-jocs-florals-del-cfp-compten-amb-la-participacio-de-persones-del-moli-den-puigvert-i-de-lentitat-promotora-del-concurs\/\" aria-label=\"More on Los Jocs Florals CFP cuentan con la participaci\u00f3n de personas atendidas desde el Mol\u00ed d&#8217;en Puigvert y desde la entidad promotora\">Leer M\u00e1s<\/a><\/div><\/div><\/div><div class=\"fusion-clearfix\"><\/div><\/div>\n<\/article>\n<article id=\"blog-1-post-1753\" class=\"fusion-post-grid post-1753 post type-post status-publish format-standard has-post-thumbnail hentry category-sin-categoria\">\n<div class=\"fusion-post-wrapper\" style=\"background-color:rgba(255,255,255,0);border:1px solid #ebeaea;border-bottom-width:3px;\">\n\n\t\t\t<div class=\"fusion-flexslider flexslider fusion-flexslider-loading fusion-post-slideshow\" style=\"border-color:#ebeaea;\">\n\t\t<ul class=\"slides\">\n\t\t\t\n\t\t\t\t\t\t\t\t\t\t\t\t\t\t<li><div  class=\"fusion-image-wrapper\" aria-haspopup=\"true\">\n\t\t\t\t<img decoding=\"async\" width=\"839\" height=\"210\" src=\"https:\/\/maresmecontinuum.cat\/wp-content\/uploads\/2022\/03\/banner-en-catala.jpg\" class=\"attachment-full size-full wp-post-image\" alt=\"\" srcset=\"https:\/\/maresmecontinuum.cat\/wp-content\/uploads\/2022\/03\/banner-en-catala-200x50.jpg 200w, https:\/\/maresmecontinuum.cat\/wp-content\/uploads\/2022\/03\/banner-en-catala-400x100.jpg 400w, https:\/\/maresmecontinuum.cat\/wp-content\/uploads\/2022\/03\/banner-en-catala-600x150.jpg 600w, https:\/\/maresmecontinuum.cat\/wp-content\/uploads\/2022\/03\/banner-en-catala-800x200.jpg 800w, https:\/\/maresmecontinuum.cat\/wp-content\/uploads\/2022\/03\/banner-en-catala.jpg 839w\" sizes=\"(min-width: 2200px) 100vw, (min-width: 960px) 357px, (min-width: 800px) 535px, (min-width: 640px) 800px, \" \/><div class=\"fusion-rollover\">\n\t<div class=\"fusion-rollover-content\">\n\n\t\t\t\t\n\t\t\n\t\t\t\t\t\t\t\t\t\t\t\t<h4 class=\"fusion-rollover-title\">\n\t\t\t\t\t<a class=\"fusion-rollover-title-link\" href=\"https:\/\/maresmecontinuum.cat\/es\/magradaria-que-tothom-senfrontes-amb-un-full-en-blanc-es-molt-alliberador\/\">\n\t\t\t\t\t\t&#8221;Me gustar\u00eda que todo el mundo se enfrentase a una hoja en blanco. Es muy liberador&#8221;\t\t\t\t\t<\/a>\n\t\t\t\t<\/h4>\n\t\t\t\n\t\t\t\t\t\t\t\t\n\t\t\n\t\t\t\t\t\t<a class=\"fusion-link-wrapper\" href=\"https:\/\/maresmecontinuum.cat\/es\/magradaria-que-tothom-senfrontes-amb-un-full-en-blanc-es-molt-alliberador\/\" aria-label=\"&#8220;Me gustar\u00eda que todo el mundo se enfrentase a una hoja en blanco. Es muy liberador&#8221;\"><\/a>\n\t<\/div>\n<\/div>\n<\/div>\n<\/li>\n\t\t\t\n\t\t\t\n\t\t\t\t\t\t\t\t\t\t\t\t\t\t\t\t\t\t\t\t\t\t\t\t\t\t\t\t\t\t\t\t\t\t\t\t\t\t\t\t\t\t\t\t\t\t\t\t\t\t\t\t\t\t\t\t\t\t\t\t\t\t\t\t\t\t\t\t<\/ul>\n\t<\/div>\n\t<div class=\"fusion-post-content-wrapper\" style=\"padding:30px 25px 20px 25px;\"><div class=\"fusion-post-content post-content\"><h2 class=\"blog-shortcode-post-title entry-title\"><a href=\"https:\/\/maresmecontinuum.cat\/es\/magradaria-que-tothom-senfrontes-amb-un-full-en-blanc-es-molt-alliberador\/\">&#8220;Me gustar\u00eda que todo el mundo se enfrentase a una hoja en blanco. Es muy liberador&#8221;<\/a><\/h2><div class=\"fusion-content-sep sep-single sep-solid\"><\/div><div class=\"fusion-post-content-container\"><p>Perfil: Mar\u00eda es una de las participantes del programa de radio Pati Interior, del SRC Maresme que se emite por\u00a0Matar\u00f3 Audiovisual. Hace m\u00e1s de una d\u00e9cada que la acompa\u00f1amos desde este recurso y, actualmente, a<\/p><\/div><\/div><div class=\"fusion-meta-info\"><div class=\"fusion-alignleft\"><a class=\"fusion-read-more\" href=\"https:\/\/maresmecontinuum.cat\/es\/magradaria-que-tothom-senfrontes-amb-un-full-en-blanc-es-molt-alliberador\/\" aria-label=\"More on &#8220;Me gustar\u00eda que todo el mundo se enfrentase a una hoja en blanco. Es muy liberador&#8221;\">Leer M\u00e1s<\/a><\/div><\/div><\/div><div class=\"fusion-clearfix\"><\/div><\/div>\n<\/article>\n<div class=\"fusion-clearfix\"><\/div><\/div><div class=\"fusion-infinite-scroll-trigger\"><\/div><div class=\"pagination infinite-scroll clearfix\" style=\"display:none;\"><span class=\"current\">1<\/span><a href=\"https:\/\/maresmecontinuum.cat\/es\/wp-json\/wp\/v2\/pages\/10\/page\/2\/\" class=\"inactive\">2<\/a><a class=\"pagination-next\" rel=\"next\" href=\"https:\/\/maresmecontinuum.cat\/es\/wp-json\/wp\/v2\/pages\/10\/page\/2\/\"><span class=\"page-text\">Siguiente<\/span><span class=\"page-next\"><\/span><\/a><\/div><div class=\"fusion-clearfix\"><\/div><button class=\"fusion-load-more-button fusion-blog-button fusion-clearfix\">Load More Posts<\/button><\/div><div class=\"fusion-clearfix\"><\/div><\/div><\/div><\/div><\/div>","protected":false},"excerpt":{"rendered":"","protected":false},"author":1,"featured_media":0,"parent":0,"menu_order":0,"comment_status":"closed","ping_status":"closed","template":"100-width.php","meta":{"footnotes":""},"class_list":["post-10","page","type-page","status-publish","hentry"],"_links":{"self":[{"href":"https:\/\/maresmecontinuum.cat\/es\/wp-json\/wp\/v2\/pages\/10","targetHints":{"allow":["GET"]}}],"collection":[{"href":"https:\/\/maresmecontinuum.cat\/es\/wp-json\/wp\/v2\/pages"}],"about":[{"href":"https:\/\/maresmecontinuum.cat\/es\/wp-json\/wp\/v2\/types\/page"}],"author":[{"embeddable":true,"href":"https:\/\/maresmecontinuum.cat\/es\/wp-json\/wp\/v2\/users\/1"}],"replies":[{"embeddable":true,"href":"https:\/\/maresmecontinuum.cat\/es\/wp-json\/wp\/v2\/comments?post=10"}],"version-history":[{"count":1,"href":"https:\/\/maresmecontinuum.cat\/es\/wp-json\/wp\/v2\/pages\/10\/revisions"}],"predecessor-version":[{"id":1080,"href":"https:\/\/maresmecontinuum.cat\/es\/wp-json\/wp\/v2\/pages\/10\/revisions\/1080"}],"wp:attachment":[{"href":"https:\/\/maresmecontinuum.cat\/es\/wp-json\/wp\/v2\/media?parent=10"}],"curies":[{"name":"wp","href":"https:\/\/api.w.org\/{rel}","templated":true}]}}